{"id":2373,"date":"2016-03-24T06:17:39","date_gmt":"2016-03-24T06:17:39","guid":{"rendered":"http:\/\/arsim.demo.themexpert.com\/?page_id=2373"},"modified":"2025-10-08T14:57:20","modified_gmt":"2025-10-08T14:57:20","slug":"home","status":"publish","type":"page","link":"https:\/\/gaelscoilcholmcille.ie\/en\/","title":{"rendered":"Home"},"content":{"rendered":"<p>[vc_row][vc_column][rev_slider_vc alias=&#8221;english&#8221;][\/vc_column][\/vc_row][vc_row css=&#8221;.vc_custom_1458802552828{margin-top: 70px !important;}&#8221; el_class=&#8221;ar-welcome-section&#8221;][vc_column offset=&#8221;vc_col-lg-8 vc_col-md-7 vc_col-xs-12&#8243;][vc_column_text]<\/p>\n<h3>T\u00e1 f\u00e1ilte romhat!<\/h3>\n<p>[\/vc_column_text][vc_column_text]Thank you for visiting our website. In Gaelscoil Cholmcille we are passionate about what we do. The happiness and development of each student in our school is to the fore in all we do. Our students benefit not just from immersion education but an energetic and positive learning environment too. Thanks are due in no small part to the staff, parents and community without whom we would not be the vibrant school community we are today. Our school is open to all children and our campaign to grow to a 16 classroom school is afoot. Onwards and upwards!<\/p>\n<p><em>&#8211; Neasa N\u00ed Aol\u00e1in, Pr\u00edomhoide<\/em>[\/vc_column_text][\/vc_column][vc_column offset=&#8221;vc_col-lg-4 vc_col-md-5 vc_col-xs-12&#8243;][vc_single_image image=&#8221;3847&#8243; add_caption=&#8221;yes&#8221; alignment=&#8221;center&#8221; style=&#8221;vc_box_rounded&#8221; css=&#8221;.vc_custom_1591740170242{padding-top: 20px !important;padding-bottom: 0px !important;}&#8221;][\/vc_column][\/vc_row][vc_row css=&#8221;.vc_custom_1492977007133{margin-top: 10px !important;padding-top: 10px !important;padding-bottom: 10px !important;background-position: center !important;background-repeat: no-repeat !important;background-size: cover !important;}&#8221;][vc_column][vc_column_text]<\/p>\n<h3>Admissions<\/h3>\n<p>We will be accepting application forms for Junior Infants 2026 between the 9th and 23rd of October 2025 only.\u00a0 Late applications will be considered in line with our admissions policy after these dates.\u00a0 Unfortunately, we cannot accept any application forms prior to these dates.\u00a0 Please see <a href=\"https:\/\/gaelscoilcholmcille.ie\/wp-content\/uploads\/2025\/10\/admissions-notice-2026.pdf\">admissions notice here<\/a> and <a href=\"https:\/\/gaelscoilcholmcille.ie\/wp-content\/uploads\/2025\/10\/admissions-policy-2026-with-special-class-2.pdf\">admission policy here.<\/a><\/p>\n<p>We also accept applications to other classes in line with our admissions policy on an individual basis.[\/vc_column_text][vc_column_text]<\/p>\n<h3>New School Campaign<\/h3>\n<p>Now in our 29th year, Gaelscoil Cholmcille has yet to be provided with a permanent school building. Our demand is simple \u2013 a 16 classroom permanent school with special classes to cater for the needs of our students and local community. We hope to receive positive news from the Department of Education in relation to progress on this matter.[\/vc_column_text][vc_message]<strong>Special Class\u00a0<\/strong><\/p>\n<p>Gaelscoil Cholmcille opened a special class for Autism in September 2025.\u00a0 We are very excited to welcome this new inclusive dimension to our school.\u00a0 Our special class is currently full.[\/vc_message][\/vc_column][\/vc_row][vc_row full_width=&#8221;stretch_row&#8221; css=&#8221;.vc_custom_1459143323148{padding-top: 70px !important;padding-bottom: 70px !important;background-color: #f7f7f7 !important;}&#8221;][vc_column offset=&#8221;vc_col-lg-8 vc_col-md-8 vc_col-xs-12&#8243;][vc_column_text css=&#8221;.vc_custom_1458897639379{padding-bottom: 10px !important;}&#8221;]<\/p>\n<p class=\"ar-subtitle\">Latest<\/p>\n<h1>NEWS<\/h1>\n<p>[\/vc_column_text]\n\n<div class=\"row\">\n\n            \n                <article class=\"col-md-6 col-sm-12 arsim-blog-shortcode\">\n                    <div class=\"post-3818 post type-post status-publish format-standard has-post-thumbnail hentry category-scoil-nuacht\">\n                        <div class=\"shadow-box\">\n                                                                                        <figure class=\"entry-image\">\n                                    <a href=\"https:\/\/gaelscoilcholmcille.ie\/en\/measunu-scoile-uile-tuairisc-o-na-cigiri\/\"><img decoding=\"async\" src=\"https:\/\/gaelscoilcholmcille.ie\/wp-content\/uploads\/2017\/04\/GaelscoilCholmcille-225.jpg\" class=\"img-responsive\" alt=\"Whole School Evaluation &#8211; Inspector&#8217;s report\"><\/a>\n                                <\/figure>\n                                                        <header class=\"entry-header\">\n                                <div class=\"entry-date-meta pull-left\">\n                                    <span class=\"entry-date-day\" >28<\/span><span class=\"entry-date-month\" >Jan<\/span>                                <\/div>\n                                <div class=\"pull-left entry-title-meta\">\n                                    <h2 class=\"entry-title\"><a href=\"https:\/\/gaelscoilcholmcille.ie\/en\/measunu-scoile-uile-tuairisc-o-na-cigiri\/\" rel=\"bookmark\">Whole School Evaluation &#8211; Inspector&#8217;s report<\/a><\/h2>                                        <div class=\"entry-meta\">\n                                            by <span class=\"author vcard\"><a class=\"url fn n\" href=\"https:\/\/gaelscoilcholmcille.ie\/en\/author\/foras\/\">Gaelscoil Cholmcille<\/a><\/span> in<span class=\"cat-links\" title=\"Category\"> <a href=\"https:\/\/gaelscoilcholmcille.ie\/en\/category\/scoil-nuacht\/\" rel=\"category tag\">scoil nuacht<\/a><\/span>                                        <\/div><!-- .entry-meta -->\n                                                                        <\/div>\n                            <\/header><!-- .entry-header -->\n\n                            <div class=\"clearfix\"><\/div>\n\n                            <div class=\"entry-content\">\n                                A Whole School Evaluation was undertaken by the Department's inspectors in September....\n                                <div class=\"entry-readmore\">\n                                    <a href=\"https:\/\/gaelscoilcholmcille.ie\/en\/measunu-scoile-uile-tuairisc-o-na-cigiri\/\" class=\"border-btn\"> Read More <\/a>\n                                <\/div>\n\n                                <div class=\"clearfix\"><\/div>\n                            <\/div><!-- .entry-content -->\n\n                        <\/div>\n                    <\/div>\n                <\/article>\n\n\n            \n                <article class=\"col-md-6 col-sm-12 arsim-blog-shortcode\">\n                    <div class=\"post-3811 post type-post status-publish format-standard has-post-thumbnail hentry category-scoil-nuacht\">\n                        <div class=\"shadow-box\">\n                                                                                        <figure class=\"entry-image\">\n                                    <a href=\"https:\/\/gaelscoilcholmcille.ie\/en\/slan-le-muinteoir-sandra\/\"><img decoding=\"async\" src=\"https:\/\/gaelscoilcholmcille.ie\/wp-content\/uploads\/2017\/04\/GaelscoilCholmcille-250.jpg\" class=\"img-responsive\" alt=\"Sl\u00e1n le M\u00fainteoir Sandra\"><\/a>\n                                <\/figure>\n                                                        <header class=\"entry-header\">\n                                <div class=\"entry-date-meta pull-left\">\n                                    <span class=\"entry-date-day\" >20<\/span><span class=\"entry-date-month\" >Dec<\/span>                                <\/div>\n                                <div class=\"pull-left entry-title-meta\">\n                                    <h2 class=\"entry-title\"><a href=\"https:\/\/gaelscoilcholmcille.ie\/en\/slan-le-muinteoir-sandra\/\" rel=\"bookmark\">Sl\u00e1n le M\u00fainteoir Sandra<\/a><\/h2>                                        <div class=\"entry-meta\">\n                                            by <span class=\"author vcard\"><a class=\"url fn n\" href=\"https:\/\/gaelscoilcholmcille.ie\/en\/author\/foras\/\">Gaelscoil Cholmcille<\/a><\/span> in<span class=\"cat-links\" title=\"Category\"> <a href=\"https:\/\/gaelscoilcholmcille.ie\/en\/category\/scoil-nuacht\/\" rel=\"category tag\">scoil nuacht<\/a><\/span>                                        <\/div><!-- .entry-meta -->\n                                                                        <\/div>\n                            <\/header><!-- .entry-header -->\n\n                            <div class=\"clearfix\"><\/div>\n\n                            <div class=\"entry-content\">\n                                A note of thanks from M\u00fainteoir Caitr\u00edona I would like to thank...\n                                <div class=\"entry-readmore\">\n                                    <a href=\"https:\/\/gaelscoilcholmcille.ie\/en\/slan-le-muinteoir-sandra\/\" class=\"border-btn\"> Read More <\/a>\n                                <\/div>\n\n                                <div class=\"clearfix\"><\/div>\n                            <\/div><!-- .entry-content -->\n\n                        <\/div>\n                    <\/div>\n                <\/article>\n\n\n            \n<\/div>\n\n        [\/vc_column][\/vc_row][vc_row full_width=&#8221;stretch_row&#8221; disable_element=&#8221;yes&#8221; css=&#8221;.vc_custom_1567773017646{padding-top: 70px !important;padding-bottom: 70px !important;background-color: #f7f7f7 !important;}&#8221;][vc_column offset=&#8221;vc_col-lg-8 vc_col-md-8 vc_col-xs-12&#8243;][vc_column_text css=&#8221;.vc_custom_1458897639379{padding-bottom: 10px !important;}&#8221;]<\/p>\n<p class=\"ar-subtitle\">Latest<\/p>\n<h1>NEWS<\/h1>\n<p>[\/vc_column_text]\n\n<div class=\"row\">\n\n            \n                <article class=\"col-md-6 col-sm-12 arsim-blog-shortcode\">\n                    <div class=\"post-3818 post type-post status-publish format-standard has-post-thumbnail hentry category-scoil-nuacht\">\n                        <div class=\"shadow-box\">\n                                                                                        <figure class=\"entry-image\">\n                                    <a href=\"https:\/\/gaelscoilcholmcille.ie\/en\/measunu-scoile-uile-tuairisc-o-na-cigiri\/\"><img decoding=\"async\" src=\"https:\/\/gaelscoilcholmcille.ie\/wp-content\/uploads\/2017\/04\/GaelscoilCholmcille-225.jpg\" class=\"img-responsive\" alt=\"Whole School Evaluation &#8211; Inspector&#8217;s report\"><\/a>\n                                <\/figure>\n                                                        <header class=\"entry-header\">\n                                <div class=\"entry-date-meta pull-left\">\n                                    <span class=\"entry-date-day\" >28<\/span><span class=\"entry-date-month\" >Jan<\/span>                                <\/div>\n                                <div class=\"pull-left entry-title-meta\">\n                                    <h2 class=\"entry-title\"><a href=\"https:\/\/gaelscoilcholmcille.ie\/en\/measunu-scoile-uile-tuairisc-o-na-cigiri\/\" rel=\"bookmark\">Whole School Evaluation &#8211; Inspector&#8217;s report<\/a><\/h2>                                        <div class=\"entry-meta\">\n                                            by <span class=\"author vcard\"><a class=\"url fn n\" href=\"https:\/\/gaelscoilcholmcille.ie\/en\/author\/foras\/\">Gaelscoil Cholmcille<\/a><\/span> in<span class=\"cat-links\" title=\"Category\"> <a href=\"https:\/\/gaelscoilcholmcille.ie\/en\/category\/scoil-nuacht\/\" rel=\"category tag\">scoil nuacht<\/a><\/span>                                        <\/div><!-- .entry-meta -->\n                                                                        <\/div>\n                            <\/header><!-- .entry-header -->\n\n                            <div class=\"clearfix\"><\/div>\n\n                            <div class=\"entry-content\">\n                                A Whole School Evaluation was undertaken by the Department's inspectors in September....\n                                <div class=\"entry-readmore\">\n                                    <a href=\"https:\/\/gaelscoilcholmcille.ie\/en\/measunu-scoile-uile-tuairisc-o-na-cigiri\/\" class=\"border-btn\"> Read More <\/a>\n                                <\/div>\n\n                                <div class=\"clearfix\"><\/div>\n                            <\/div><!-- .entry-content -->\n\n                        <\/div>\n                    <\/div>\n                <\/article>\n\n\n            \n                <article class=\"col-md-6 col-sm-12 arsim-blog-shortcode\">\n                    <div class=\"post-3811 post type-post status-publish format-standard has-post-thumbnail hentry category-scoil-nuacht\">\n                        <div class=\"shadow-box\">\n                                                                                        <figure class=\"entry-image\">\n                                    <a href=\"https:\/\/gaelscoilcholmcille.ie\/en\/slan-le-muinteoir-sandra\/\"><img decoding=\"async\" src=\"https:\/\/gaelscoilcholmcille.ie\/wp-content\/uploads\/2017\/04\/GaelscoilCholmcille-250.jpg\" class=\"img-responsive\" alt=\"Sl\u00e1n le M\u00fainteoir Sandra\"><\/a>\n                                <\/figure>\n                                                        <header class=\"entry-header\">\n                                <div class=\"entry-date-meta pull-left\">\n                                    <span class=\"entry-date-day\" >20<\/span><span class=\"entry-date-month\" >Dec<\/span>                                <\/div>\n                                <div class=\"pull-left entry-title-meta\">\n                                    <h2 class=\"entry-title\"><a href=\"https:\/\/gaelscoilcholmcille.ie\/en\/slan-le-muinteoir-sandra\/\" rel=\"bookmark\">Sl\u00e1n le M\u00fainteoir Sandra<\/a><\/h2>                                        <div class=\"entry-meta\">\n                                            by <span class=\"author vcard\"><a class=\"url fn n\" href=\"https:\/\/gaelscoilcholmcille.ie\/en\/author\/foras\/\">Gaelscoil Cholmcille<\/a><\/span> in<span class=\"cat-links\" title=\"Category\"> <a href=\"https:\/\/gaelscoilcholmcille.ie\/en\/category\/scoil-nuacht\/\" rel=\"category tag\">scoil nuacht<\/a><\/span>                                        <\/div><!-- .entry-meta -->\n                                                                        <\/div>\n                            <\/header><!-- .entry-header -->\n\n                            <div class=\"clearfix\"><\/div>\n\n                            <div class=\"entry-content\">\n                                A note of thanks from M\u00fainteoir Caitr\u00edona I would like to thank...\n                                <div class=\"entry-readmore\">\n                                    <a href=\"https:\/\/gaelscoilcholmcille.ie\/en\/slan-le-muinteoir-sandra\/\" class=\"border-btn\"> Read More <\/a>\n                                <\/div>\n\n                                <div class=\"clearfix\"><\/div>\n                            <\/div><!-- .entry-content -->\n\n                        <\/div>\n                    <\/div>\n                <\/article>\n\n\n            \n<\/div>\n\n        [\/vc_column][vc_column offset=&#8221;vc_col-lg-4 vc_col-md-4 vc_col-xs-12&#8243;][vc_tta_tabs shape=&#8221;square&#8221; active_section=&#8221;1&#8243; el_class=&#8221;arsim-post-tab bg-prime-dark&#8221; css=&#8221;.vc_custom_1458907048946{margin-top: 20px !important;padding-top: 30px !important;padding-right: 15px !important;padding-bottom: 30px !important;padding-left: 15px !important;}&#8221;][vc_tta_section title=&#8221;Popular&#8221; tab_id=&#8221;1567773010824-fcbd8a9e-f102&#8243;]\n\n\n\n            \n                <div class=\"ar-recent-with-thumb\">\n                    <div class=\"media\">\n                        <div class=\"media-left\">\n                            <div class=\"image-wrapper\">\n                                <img loading=\"lazy\" decoding=\"async\" width=\"150\" height=\"150\" src=\"https:\/\/gaelscoilcholmcille.ie\/wp-content\/uploads\/2017\/04\/GaelscoilCholmcille-225-150x150.jpg\" class=\"attachment-thumbnail size-thumbnail wp-post-image\" alt=\"\" \/>                            <\/div>\n                        <\/div>\n                        <div class=\"media-body\">\n                            <h4 class=\"media-heading\"><a href=\"https:\/\/gaelscoilcholmcille.ie\/en\/measunu-scoile-uile-tuairisc-o-na-cigiri\/\">Whole School Evaluation &#8211; Inspector&#8217;s report<\/a> <\/h4>\n                            <div class=\"content-desc\">\n                                <span>28 January, 2020<\/span>\n                            <\/div>\n                        <\/div>\n                    <\/div>\n                <\/div>\n\n\n            \n                <div class=\"ar-recent-with-thumb\">\n                    <div class=\"media\">\n                        <div class=\"media-left\">\n                            <div class=\"image-wrapper\">\n                                <img loading=\"lazy\" decoding=\"async\" width=\"150\" height=\"150\" src=\"https:\/\/gaelscoilcholmcille.ie\/wp-content\/uploads\/2017\/04\/GaelscoilCholmcille-250-150x150.jpg\" class=\"attachment-thumbnail size-thumbnail wp-post-image\" alt=\"\" \/>                            <\/div>\n                        <\/div>\n                        <div class=\"media-body\">\n                            <h4 class=\"media-heading\"><a href=\"https:\/\/gaelscoilcholmcille.ie\/en\/slan-le-muinteoir-sandra\/\">Sl\u00e1n le M\u00fainteoir Sandra<\/a> <\/h4>\n                            <div class=\"content-desc\">\n                                <span>20 December, 2019<\/span>\n                            <\/div>\n                        <\/div>\n                    <\/div>\n                <\/div>\n\n\n            \n                <div class=\"ar-recent-with-thumb\">\n                    <div class=\"media\">\n                        <div class=\"media-left\">\n                            <div class=\"image-wrapper\">\n                                <img loading=\"lazy\" decoding=\"async\" width=\"150\" height=\"150\" src=\"https:\/\/gaelscoilcholmcille.ie\/wp-content\/uploads\/2017\/06\/dreamstimefree_205651-150x150.jpg\" class=\"attachment-thumbnail size-thumbnail wp-post-image\" alt=\"\" \/>                            <\/div>\n                        <\/div>\n                        <div class=\"media-body\">\n                            <h4 class=\"media-heading\"><a href=\"https:\/\/gaelscoilcholmcille.ie\/en\/suirbhe-ar-churam-iarscoile\/\">Survey on afterschool care<\/a> <\/h4>\n                            <div class=\"content-desc\">\n                                <span>01 October, 2019<\/span>\n                            <\/div>\n                        <\/div>\n                    <\/div>\n                <\/div>\n\n\n            \n                <div class=\"ar-recent-with-thumb\">\n                    <div class=\"media\">\n                        <div class=\"media-left\">\n                            <div class=\"image-wrapper\">\n                                <img loading=\"lazy\" decoding=\"async\" width=\"150\" height=\"150\" src=\"https:\/\/gaelscoilcholmcille.ie\/wp-content\/uploads\/2019\/06\/King-Willem-Alexander-and-Queen-Maxima-visit-to-Ireland-12-150x150.jpg\" class=\"attachment-thumbnail size-thumbnail wp-post-image\" alt=\"\" \/>                            <\/div>\n                        <\/div>\n                        <div class=\"media-body\">\n                            <h4 class=\"media-heading\"><a href=\"https:\/\/gaelscoilcholmcille.ie\/en\/daltai-in-aras-an-uachtarain\/\">Dalta\u00ed in \u00c1ras an Uachtar\u00e1in<\/a> <\/h4>\n                            <div class=\"content-desc\">\n                                <span>13 June, 2019<\/span>\n                            <\/div>\n                        <\/div>\n                    <\/div>\n                <\/div>\n\n\n            \n                <div class=\"ar-recent-with-thumb\">\n                    <div class=\"media\">\n                        <div class=\"media-left\">\n                            <div class=\"image-wrapper\">\n                                <img loading=\"lazy\" decoding=\"async\" width=\"150\" height=\"150\" src=\"https:\/\/gaelscoilcholmcille.ie\/wp-content\/uploads\/2017\/04\/GaelscoilCholmcille-87-150x150.jpg\" class=\"attachment-thumbnail size-thumbnail wp-post-image\" alt=\"\" \/>                            <\/div>\n                        <\/div>\n                        <div class=\"media-body\">\n                            <h4 class=\"media-heading\"><a href=\"https:\/\/gaelscoilcholmcille.ie\/en\/culaith-scoile-nua\/\">New School Uniform<\/a> <\/h4>\n                            <div class=\"content-desc\">\n                                <span>29 March, 2019<\/span>\n                            <\/div>\n                        <\/div>\n                    <\/div>\n                <\/div>\n\n\n            \n\n\n        [\/vc_tta_section][vc_tta_section title=&#8221;Top&#8221; tab_id=&#8221;1567773010876-527b4f41-a8cc&#8221;]\n\n\n\n            \n                <div class=\"ar-recent-with-thumb\">\n                    <div class=\"media\">\n                        <div class=\"media-left\">\n                            <div class=\"image-wrapper\">\n                                <img loading=\"lazy\" decoding=\"async\" width=\"150\" height=\"150\" src=\"https:\/\/gaelscoilcholmcille.ie\/wp-content\/uploads\/2017\/04\/GaelscoilCholmcille-225-150x150.jpg\" class=\"attachment-thumbnail size-thumbnail wp-post-image\" alt=\"\" \/>                            <\/div>\n                        <\/div>\n                        <div class=\"media-body\">\n                            <h4 class=\"media-heading\"><a href=\"https:\/\/gaelscoilcholmcille.ie\/en\/measunu-scoile-uile-tuairisc-o-na-cigiri\/\">Whole School Evaluation &#8211; Inspector&#8217;s report<\/a> <\/h4>\n                            <div class=\"content-desc\">\n                                <span>28 January, 2020<\/span>\n                            <\/div>\n                        <\/div>\n                    <\/div>\n                <\/div>\n\n\n            \n                <div class=\"ar-recent-with-thumb\">\n                    <div class=\"media\">\n                        <div class=\"media-left\">\n                            <div class=\"image-wrapper\">\n                                <img loading=\"lazy\" decoding=\"async\" width=\"150\" height=\"150\" src=\"https:\/\/gaelscoilcholmcille.ie\/wp-content\/uploads\/2017\/04\/GaelscoilCholmcille-250-150x150.jpg\" class=\"attachment-thumbnail size-thumbnail wp-post-image\" alt=\"\" \/>                            <\/div>\n                        <\/div>\n                        <div class=\"media-body\">\n                            <h4 class=\"media-heading\"><a href=\"https:\/\/gaelscoilcholmcille.ie\/en\/slan-le-muinteoir-sandra\/\">Sl\u00e1n le M\u00fainteoir Sandra<\/a> <\/h4>\n                            <div class=\"content-desc\">\n                                <span>20 December, 2019<\/span>\n                            <\/div>\n                        <\/div>\n                    <\/div>\n                <\/div>\n\n\n            \n                <div class=\"ar-recent-with-thumb\">\n                    <div class=\"media\">\n                        <div class=\"media-left\">\n                            <div class=\"image-wrapper\">\n                                <img loading=\"lazy\" decoding=\"async\" width=\"150\" height=\"150\" src=\"https:\/\/gaelscoilcholmcille.ie\/wp-content\/uploads\/2017\/06\/dreamstimefree_205651-150x150.jpg\" class=\"attachment-thumbnail size-thumbnail wp-post-image\" alt=\"\" \/>                            <\/div>\n                        <\/div>\n                        <div class=\"media-body\">\n                            <h4 class=\"media-heading\"><a href=\"https:\/\/gaelscoilcholmcille.ie\/en\/suirbhe-ar-churam-iarscoile\/\">Survey on afterschool care<\/a> <\/h4>\n                            <div class=\"content-desc\">\n                                <span>01 October, 2019<\/span>\n                            <\/div>\n                        <\/div>\n                    <\/div>\n                <\/div>\n\n\n            \n                <div class=\"ar-recent-with-thumb\">\n                    <div class=\"media\">\n                        <div class=\"media-left\">\n                            <div class=\"image-wrapper\">\n                                <img loading=\"lazy\" decoding=\"async\" width=\"150\" height=\"150\" src=\"https:\/\/gaelscoilcholmcille.ie\/wp-content\/uploads\/2019\/06\/King-Willem-Alexander-and-Queen-Maxima-visit-to-Ireland-12-150x150.jpg\" class=\"attachment-thumbnail size-thumbnail wp-post-image\" alt=\"\" \/>                            <\/div>\n                        <\/div>\n                        <div class=\"media-body\">\n                            <h4 class=\"media-heading\"><a href=\"https:\/\/gaelscoilcholmcille.ie\/en\/daltai-in-aras-an-uachtarain\/\">Dalta\u00ed in \u00c1ras an Uachtar\u00e1in<\/a> <\/h4>\n                            <div class=\"content-desc\">\n                                <span>13 June, 2019<\/span>\n                            <\/div>\n                        <\/div>\n                    <\/div>\n                <\/div>\n\n\n            \n                <div class=\"ar-recent-with-thumb\">\n                    <div class=\"media\">\n                        <div class=\"media-left\">\n                            <div class=\"image-wrapper\">\n                                <img loading=\"lazy\" decoding=\"async\" width=\"150\" height=\"150\" src=\"https:\/\/gaelscoilcholmcille.ie\/wp-content\/uploads\/2017\/04\/GaelscoilCholmcille-87-150x150.jpg\" class=\"attachment-thumbnail size-thumbnail wp-post-image\" alt=\"\" \/>                            <\/div>\n                        <\/div>\n                        <div class=\"media-body\">\n                            <h4 class=\"media-heading\"><a href=\"https:\/\/gaelscoilcholmcille.ie\/en\/culaith-scoile-nua\/\">New School Uniform<\/a> <\/h4>\n                            <div class=\"content-desc\">\n                                <span>29 March, 2019<\/span>\n                            <\/div>\n                        <\/div>\n                    <\/div>\n                <\/div>\n\n\n            \n\n\n        [\/vc_tta_section][\/vc_tta_tabs][\/vc_column][\/vc_row]<\/p>","protected":false},"excerpt":{"rendered":"<p>[vc_row][vc_column][rev_slider_vc alias=&#8221;english&#8221;][\/vc_column][\/vc_row][vc_row css=&#8221;.vc_custom_1458802552828{margin-top: 70px !important;}&#8221; el_class=&#8221;ar-welcome-section&#8221;][vc_column offset=&#8221;vc_col-lg-8 vc_col-md-7 vc_col-xs-12&#8243;][vc_column_text] T\u00e1 f\u00e1ilte [&hellip;]<\/p>\n","protected":false},"author":3,"featured_media":0,"parent":0,"menu_order":1,"comment_status":"closed","ping_status":"closed","template":"","meta":{"ngg_post_thumbnail":0,"footnotes":""},"class_list":["post-2373","page","type-page","status-publish","hentry"],"_links":{"self":[{"href":"https:\/\/gaelscoilcholmcille.ie\/en\/wp-json\/wp\/v2\/pages\/2373","targetHints":{"allow":["GET"]}}],"collection":[{"href":"https:\/\/gaelscoilcholmcille.ie\/en\/wp-json\/wp\/v2\/pages"}],"about":[{"href":"https:\/\/gaelscoilcholmcille.ie\/en\/wp-json\/wp\/v2\/types\/page"}],"author":[{"embeddable":true,"href":"https:\/\/gaelscoilcholmcille.ie\/en\/wp-json\/wp\/v2\/users\/3"}],"replies":[{"embeddable":true,"href":"https:\/\/gaelscoilcholmcille.ie\/en\/wp-json\/wp\/v2\/comments?post=2373"}],"version-history":[{"count":91,"href":"https:\/\/gaelscoilcholmcille.ie\/en\/wp-json\/wp\/v2\/pages\/2373\/revisions"}],"predecessor-version":[{"id":4289,"href":"https:\/\/gaelscoilcholmcille.ie\/en\/wp-json\/wp\/v2\/pages\/2373\/revisions\/4289"}],"wp:attachment":[{"href":"https:\/\/gaelscoilcholmcille.ie\/en\/wp-json\/wp\/v2\/media?parent=2373"}],"curies":[{"name":"wp","href":"https:\/\/api.w.org\/{rel}","templated":true}]}}